{"id":51819,"date":"2026-08-24T09:04:55","date_gmt":"2026-08-24T09:04:55","guid":{"rendered":"https:\/\/fiscus.hu\/?page_id=51819"},"modified":"2026-08-24T14:04:06","modified_gmt":"2026-08-24T14:04:06","slug":"data-protection-notice","status":"publish","type":"page","link":"https:\/\/fiscus.hu\/en\/adatvedelmi-tajekoztato\/","title":{"rendered":"Privacy Notice"},"content":{"rendered":"\n<div class=\"gb-element-fb7d21f2\">\n<h1 class=\"gb-text gb-text-7867614b\" data-aos=\"fade\" data-aos-duration=\"1450\" data-aos-easing=\"ease-in\" data-aos-once=\"true\"><strong>Adatv\u00e9delmi t\u00e1j\u00e9koztat\u00f3<\/strong><\/h1>\n<\/div>\n\n\n\n<div>\n<div class=\"gb-element-d3573bfc\">\n<p class=\"wp-block-paragraph\">Hogy egy biztons\u00e1gos, online k\u00f6rnyezetet tudjunk biztos\u00edtani Neked, valamint garant\u00e1lni tudjuk az adataid v\u00e9delm\u00e9t, mi szigor\u00faan betartjuk a jogi k\u00f6vetelm\u00e9nyeket. Ebben, az adatv\u00e9delmi nyilatkozatban, most betekint\u00e9st ny\u00fajtunk Neked az adatgy\u0171jt\u00e9s m\u00f3dj\u00e1ra \u00e9s c\u00e9ljaira, valamint a biztons\u00e1gi int\u00e9zked\u00e9sekre, a meg\u0151rz\u00e9si id\u0151szakokra \u00e9s a kapcsolattart\u00e1si adatokra.<\/p>\n\n\n\n<p class=\"wp-block-paragraph\"><strong>Weboldal tulajdonosa: DR. KOV\u00c1CS H. GYULA \u00dcGYV\u00c9DI IRODA (ad\u00f3sz\u00e1m: 19355470-1-41)<\/strong><\/p>\n\n\n\n<h6 class=\"wp-block-heading\"><strong>1. R\u00c9SZ \u2013 AZ \u00c1LTALUNK GY\u0170JT\u00d6TT SZEM\u00c9LYES INFORM\u00c1CI\u00d3K<\/strong><\/h6>\n\n\n\n<p class=\"wp-block-paragraph\"><strong>1.1 Fi\u00f3k<\/strong><br>A v\u00e1s\u00e1rl\u00e1s n\u00e1lunk csak akkor lehets\u00e9ges, ha rendelkezel egy szem\u00e9lyes fi\u00f3kkal. Amikor fi\u00f3kot hozol l\u00e9tre, vagy valamit v\u00e1s\u00e1rolsz a boltunkb\u00f3l, a v\u00e1s\u00e1rl\u00e1si \u00e9s az elad\u00e1si folyamat r\u00e9szek\u00e9nt mi \u00f6sszegy\u0171jtj\u00fck az al\u00e1bbi szem\u00e9lyes adatokat, amelyeket Te adsz meg nek\u00fcnk:<\/p>\n\n\n\n<p class=\"wp-block-paragraph\">\u2022 Kereszt- \u00e9s vezet\u00e9kn\u00e9v<br>\u2022 Otthoni \u00e9s sz\u00e1ml\u00e1z\u00e1si c\u00edm<br>\u2022 Telefonsz\u00e1m<br>\u2022 IP-c\u00edm<br>\u2022 Email c\u00edm<br>\u2022 Sz\u00fclet\u00e9si d\u00e1tum<\/p>\n\n\n\n<p class=\"wp-block-paragraph\">Ezek az adatok a sz\u00e1ll\u00edt\u00e1s elv\u00e9gz\u00e9s\u00e9hez sz\u00fcks\u00e9gesek. Tov\u00e1bb\u00e1, amikor az \u00fczlet\u00fcnkben b\u00f6ng\u00e9szel, mi automatikusan megkapjuk a sz\u00e1m\u00edt\u00f3g\u00e9p internetes protokollj\u00e1nak (IP) c\u00edm\u00e9t. Ezen inform\u00e1ci\u00f3k alapj\u00e1n tudjuk optimaliz\u00e1lni az online \u00e9lm\u00e9nyt, \u00e9s egyidej\u0171leg v\u00e9deni az online k\u00f6rnyezet\u00fcnket.<\/p>\n\n\n\n<p class=\"wp-block-paragraph\"><strong>Az adatgy\u0171jt\u00e9s c\u00e9lja<\/strong><br>A fi\u00f3khoz kapcsol\u00f3d\u00f3 adatokat a k\u00f6vetkez\u0151 c\u00e9lokra gy\u0171jtj\u00fck \u00e9s t\u00e1roljuk:<br>a. Hogy elv\u00e9gezhess\u00fck azon k\u00f6teless\u00e9geinket, melyekre a k\u00f6zted \u00e9s k\u00f6zt\u00fcnk l\u00e9v\u0151 szerz\u0151d\u00e9sek k\u00f6teleznek minket, \u00e9s hogy az \u00e1ltalad k\u00e9rt inform\u00e1ci\u00f3kat, term\u00e9keket \u00e9s szolg\u00e1ltat\u00e1sokat biztos\u00edtani tudjuk a sz\u00e1modra;<br>b. Hogy be\u00e1ll\u00edt\u00e1sokat v\u00e9gezhess\u00fcnk, valamint kezelhess\u00fck a fi\u00f3kodat, \u00e9s felvehess\u00fck a kapcsolatot veled a fi\u00f3koddal \u00e9s a megrendel\u00e9seiddel kapcsolatban;<br>c. Piackutat\u00e1s \u00e9s elemz\u00e9sek elv\u00e9gz\u00e9se;<br>d. Er\u0151s\u00edtsd meg a val\u00f3s \u00e9letkorodat \u00e9s identit\u00e1sod, hogy id\u0151ben azonos\u00edtani tudjuk \u00e9s megakad\u00e1lyozhassuk a csal\u00e1sokat.<\/p>\n\n\n\n<p class=\"wp-block-paragraph\"><strong>1.2 H\u00edrlev\u00e9l<\/strong><br>A Te, kifejezett enged\u00e9lyeddel, k\u00fcldhet\u00fcnk Neked h\u00edrlevelet a boltunkr\u00f3l, az \u00faj term\u00e9kekr\u0151l \u00e9s m\u00e1s friss\u00edt\u00e9sekr\u0151l is. Csak a kifejezett hozz\u00e1j\u00e1rul\u00e1s ut\u00e1n k\u00fcld\u00fcnk h\u00edrlevelet. A k\u00f6vetkez\u0151 inform\u00e1ci\u00f3kat gy\u0171jtj\u00fck \u00f6ssze a h\u00edrlev\u00e9lre val\u00f3 feliratkoz\u00e1s sor\u00e1n:<br>\u2022 Kereszt \u00e9s vezet\u00e9kn\u00e9v<br>\u2022 Nemed<br>\u2022 Email c\u00edm<\/p>\n\n\n\n<p class=\"wp-block-paragraph\"><strong>Az adatgy\u0171jt\u00e9s c\u00e9lja<\/strong><br>Az \u00f6sszegy\u0171jt\u00f6tt adatokat felhaszn\u00e1lhatjuk:<br>a. Az e-mailjeink szem\u00e9lyre szab\u00e1s\u00e1ra, ide\u00e9rtve a nevet \u00e9s a nemet is, hogy \u00edgy kifejezetten a szem\u00e9lyedre vonatkoz\u00f3 tartalmat szolg\u00e1ltassunk;<br>Te b\u00e1rmikor visszavonhatod hozz\u00e1j\u00e1rul\u00e1sodat a h\u00edrlev\u00e9lben tal\u00e1lhat\u00f3 link, vagy a 2. szakaszban megadott el\u00e9rhet\u0151s\u00e9gek egyik\u00e9nek seg\u00edts\u00e9g\u00e9vel.<\/p>\n\n\n\n<p class=\"wp-block-paragraph\"><strong>1.3 \u00dcgyf\u00e9lszolg\u00e1lat<\/strong><br>Annak \u00e9rdek\u00e9ben, hogy megfelel\u0151 t\u00e1mogat\u00e1st tudjunk ny\u00fajtani, \u00fcgyf\u00e9lszolg\u00e1lati munkat\u00e1rsaink hozz\u00e1f\u00e9rhetnek a fi\u00f3khoz kapcsol\u00f3d\u00f3 inform\u00e1ci\u00f3khoz. K\u00f6vetkez\u00e9sk\u00e9ppen t\u00e1mogat\u00e1suk rendk\u00edv\u00fcl hat\u00e9konny\u00e1 \u00e9s kellemess\u00e9 v\u00e1lik majd.<\/p>\n\n\n\n<p class=\"wp-block-paragraph\"><strong>1.4 Adatkezel\u0151 \u00e9s t\u00e1rhelyszolg\u00e1ltat\u00f3 partner\u00fcnk<\/strong>:<br><a href=\"https:\/\/digitalcarestudio.com\/\" target=\"_blank\" rel=\"noopener\">Digital Care Studio Kft.<\/a><br>Ad\u00f3sz\u00e1m: 32159804-1-20<br>Email c\u00edm: hello@digitalcarestudio.com<\/p>\n\n\n\n<h6 class=\"wp-block-heading\"><strong>2. R\u00c9SZ \u2013 MEGHAT\u00c1ROZ\u00c1S<\/strong><\/h6>\n\n\n\n<p class=\"wp-block-paragraph\">Ha szem\u00e9lyes adatokat adsz meg a tranzakci\u00f3 befejez\u00e9s\u00e9hez, a hitelk\u00e1rty\u00e1d ellen\u0151rz\u00e9s\u00e9hez, hogy megrendelj valamit, hogy a sz\u00e1ll\u00edt\u00e1st tudd fel\u00fcgyelni, vagy hogy visszak\u00fcldhesd a v\u00e1s\u00e1rolt \u00e1rut, az azt jelenti, hogy ezzel beleegyezel abba, hogy ezt az inform\u00e1ci\u00f3t csak a megadott okb\u00f3l kifoly\u00f3lag haszn\u00e1lhassuk fel.<\/p>\n\n\n\n<p class=\"wp-block-paragraph\">Ha m\u00e1sodlagos okb\u00f3l, p\u00e9ld\u00e1ul a marketingt\u0151l k\u00e9rj\u00fck a szem\u00e9lyes adataidat, akkor vagy k\u00f6zvetlen\u00fcl T\u00e9ged k\u00e9rdez\u00fcnk majd meg a kifejezett beleegyez\u00e9sedet illet\u0151en, vagy lehet\u0151s\u00e9get k\u00edn\u00e1lunk arra is, hogy nemet mondhass.<\/p>\n\n\n\n<p class=\"wp-block-paragraph\"><strong>2.1 Hogyan kell visszavonni a hozz\u00e1j\u00e1rul\u00e1st?<\/strong><br>Ha a beleegyez\u00e9sed kifejez\u00e9s\u00e9t k\u00f6vet\u0151en meggondoln\u00e1d magad, visszavonhatod az arra vonatkoz\u00f3 hozz\u00e1j\u00e1rul\u00e1sod, hogy b\u00e1rmikor a j\u00f6v\u0151ben kapcsolatba l\u00e9phess\u00fcnk Veled, az inform\u00e1ci\u00f3k folyamatos gy\u0171jt\u00e9se, felhaszn\u00e1l\u00e1sa, vagy nyilv\u00e1noss\u00e1gra hozatala \u00e9rdek\u00e9ben, a k\u00f6vetkez\u0151 c\u00edmen:&nbsp;<a href=\"mailto:iroda[kukac]kovacshlegal.hu\">iroda[kukac]kovacshlegal.hu<\/a><\/p>\n\n\n\n<h6 class=\"wp-block-heading\"><strong>3. R\u00c9SZ \u2013 NYILATKOZAT<\/strong><\/h6>\n\n\n\n<p class=\"wp-block-paragraph\">Szem\u00e9lyes adataidat k\u00f6zz\u00e9tehetj\u00fck abban az esetben, ha annak megt\u00e9tel\u00e9t t\u00f6rv\u00e9ny \u00edrja el\u0151 sz\u00e1munkra, vagy pedig amennyiben megs\u00e9rtetted a Szolg\u00e1ltat\u00e1si felt\u00e9teleket.<\/p>\n\n\n\n<h6 class=\"wp-block-heading\"><strong>4. R\u00c9SZ \u2013 MENNYI IDEIG T\u00c1ROLJUK AZ ADATOKAT?<\/strong><\/h6>\n\n\n\n<p class=\"wp-block-paragraph\">Az adataid nem tartjuk meg hosszabb ideig, mint amire sz\u00fcks\u00e9g van, az Adatv\u00e9delmi Szab\u00e1lyzatban meghat\u00e1rozott m\u00f3don. K\u00fcl\u00f6nb\u00f6z\u0151 adatt\u00edpusok eset\u00e9ben, k\u00fcl\u00f6nb\u00f6z\u0151 meg\u0151rz\u00e9si id\u0151szakok vonatkoznak, de \u00e1ltal\u00e1ban 1 \u00e9v a leghosszabb id\u0151, am\u00edg k\u00e9pesek vagyunk adatok t\u00e1rol\u00e1s\u00e1ra.<\/p>\n\n\n\n<p class=\"wp-block-paragraph\"><strong>4.1 Fi\u00f3kadatok<\/strong><br>A sz\u00e1ml\u00e1val kapcsolatos adatok mindaddig relev\u00e1nsak, am\u00edg a fogyaszt\u00f3 rendelkezik fi\u00f3kkal. Ez\u00e9rt az adatok mindaddig dokument\u00e1lva vannak, am\u00edg a fi\u00f3k l\u00e9tezik. Amikor \u00fcgyfeleink elt\u00e1vol\u00edtanak egy fi\u00f3kot, a kapcsol\u00f3d\u00f3 adatok \u00e9sszer\u0171 id\u0151n bel\u00fcl t\u00f6rl\u0151dnek. A t\u00e1rolt szem\u00e9lyes adatok ellen\u0151rz\u00e9s\u00e9re, vagy jav\u00edt\u00e1s\u00e1ra, esetleg a fi\u00f3k elt\u00e1vol\u00edt\u00e1s\u00e1ra vonatkoz\u00f3 k\u00e9relmeket, a k\u00f6vetkez\u0151 c\u00edmre k\u00fcldheted:&nbsp;<a href=\"mailto:iroda[kukac]kovacshlegal.hu\">iroda[kukac]kovacshlegal.hu<\/a><\/p>\n\n\n\n<p class=\"wp-block-paragraph\"><strong>4.2 H\u00edrlevelek<\/strong><br>A h\u00edrlev\u00e9l hozz\u00e1j\u00e1rul\u00e1sa \u00e9s a kapcsol\u00f3d\u00f3 adatok tov\u00e1bbra is relev\u00e1nsak, am\u00edg \u00fcgyfeleink regisztr\u00e1ltak a h\u00edrlev\u00e9lre. Rendszeresen (havonta) elv\u00e9gezz\u00fck a relevancia-ellen\u0151rz\u00e9st. A regisztr\u00e1lt \u00fcgyfelek (\u00e9s szem\u00e9lyes adataik) t\u00f6rl\u0151dnek, ha az \u00fcgyfelek nem v\u00e1laszolnak a k\u00e9r\u00e9s\u00fcnkre. Ezenk\u00edv\u00fcl h\u00edrlev\u00e9l-kommunik\u00e1ci\u00f3nk is rendelkezik egy leiratkoz\u00e1si funkci\u00f3val. A fogyaszt\u00f3k visszavonhatj\u00e1k beleegyez\u00e9s\u00fcket a leiratkoz\u00e1si funkci\u00f3 haszn\u00e1lat\u00e1val.<\/p>\n\n\n\n<h6 class=\"wp-block-heading\"><strong>5. R\u00c9SZ \u2013 S\u00dcTIK (COOKIES)<\/strong><\/h6>\n\n\n\n<p class=\"wp-block-paragraph\">A s\u00fctik, vagy cookie-k olyan kis inform\u00e1ci\u00f3s bitek, amelyek k\u00f6zlik a sz\u00e1m\u00edt\u00f3g\u00e9ppel a webhely\u00fcnkkel val\u00f3 kor\u00e1bbi interakci\u00f3kat. Ezeket, a s\u00fctiket a merevlemezen t\u00e1roljuk, nem pedig a weboldalunkon. L\u00e9nyeg\u00e9ben, a webhely\u00fcnk haszn\u00e1latakor a sz\u00e1m\u00edt\u00f3g\u00e9p megmutatja nek\u00fcnk a s\u00fctiket, \u00e9s k\u00f6zli az oldalunkkal, hogy kor\u00e1bban haszn\u00e1ltad-e \u0151ket. Ez lehet\u0151v\u00e9 teszi, hogy webhely\u00fcnk gyorsabban m\u0171k\u00f6dj\u00f6n, \u00e9s eml\u00e9kezzen a kor\u00e1bbi l\u00e1togat\u00e1saidra (pl. Felhaszn\u00e1l\u00f3n\u00e9v) \u00e9s az azzal kapcsolatos feladataira, hogy minden k\u00e9nyelmesebb legyen a Te sz\u00e1modra. K\u00e9tf\u00e9le s\u00fctit haszn\u00e1lunk: funkcion\u00e1lis \u00e9s analitikus s\u00fctiket.<\/p>\n\n\n\n<p class=\"wp-block-paragraph\"><strong>5.1 Funkcion\u00e1lis s\u00fctik<\/strong><br>A funkcion\u00e1lis s\u00fctiket az online \u00e9lm\u00e9ny jav\u00edt\u00e1s\u00e1ra haszn\u00e1lj\u00e1k. Ezek a s\u00fctik t\u00f6bbek k\u00f6z\u00f6tt nyomon k\u00f6vetik azt, ami a bev\u00e1s\u00e1rl\u00f3kos\u00e1rban tal\u00e1lhat\u00f3. Ezen s\u00fctik haszn\u00e1lata nem ig\u00e9nyel el\u0151zetes enged\u00e9lyt.<\/p>\n\n\n\n<p class=\"wp-block-paragraph\"><strong>5.2 Elemz\u00e9si s\u00fctik<\/strong><br>Az elemz\u00e9si s\u00fctik a piackutat\u00e1s \u00e9s elemz\u00e9sek elv\u00e9gz\u00e9s\u00e9re haszn\u00e1lhat\u00f3ak. Az elemz\u0151 s\u00fctikkel \u00f6sszegy\u0171jt\u00f6tt adatok n\u00e9vtelenek, \u00edgy m\u00e1sok sz\u00e1m\u00e1ra haszontalanok. Ezen s\u00fctik haszn\u00e1lata nem ig\u00e9nyel el\u0151zetes enged\u00e9lyt.<\/p>\n\n\n\n<p class=\"wp-block-paragraph\"><strong>5.3 Cloudflare Turnstile \u00e9s Cloudflare s\u00fctik<\/strong><\/p>\n\n\n\n<p class=\"wp-block-paragraph\">Weboldalunk a kapcsolatfelv\u00e9teli \u00e9s egy\u00e9b \u0171rlapok jogosulatlan, automatiz\u00e1lt haszn\u00e1lat\u00e1nak, valamint a k\u00e9retlen \u00fczenetek \u00e9s rosszindulat\u00fa botforgalom kisz\u0171r\u00e9s\u00e9nek \u00e9rdek\u00e9ben a <strong>Cloudflare Turnstile<\/strong> szolg\u00e1ltat\u00e1st haszn\u00e1lja.<\/p>\n\n\n\n<p class=\"wp-block-paragraph\">A szolg\u00e1ltat\u00e1s m\u0171k\u00f6d\u00e9se sor\u00e1n a weboldal l\u00e1togat\u00f3j\u00e1nak bizonyos technikai adatai tov\u00e1bb\u00edt\u00e1sra ker\u00fclhetnek a <strong>Cloudflare, Inc.<\/strong> r\u00e9sz\u00e9re. A tov\u00e1bb\u00edtott \u00e9s kezelt adatok k\u00f6z\u00e9 tartozhat k\u00fcl\u00f6n\u00f6sen:<\/p>\n\n\n\n<ul class=\"wp-block-list\">\n<li>a felhaszn\u00e1l\u00f3 IP-c\u00edme,<\/li>\n\n\n\n<li>a b\u00f6ng\u00e9sz\u0151 \u00e9s az eszk\u00f6z technikai adatai, p\u00e9ld\u00e1ul a User-Agent inform\u00e1ci\u00f3k,<\/li>\n\n\n\n<li>a h\u00e1l\u00f3zati kapcsolat egyes technikai jellemz\u0151i,<\/li>\n\n\n\n<li>a weboldal haszn\u00e1lat\u00e1hoz kapcsol\u00f3d\u00f3 forgalmi \u00e9s k\u00e9r\u00e9sadatok,<\/li>\n\n\n\n<li>valamint a botforgalom felismer\u00e9s\u00e9hez sz\u00fcks\u00e9ges egy\u00e9b technikai inform\u00e1ci\u00f3k.<\/li>\n<\/ul>\n\n\n\n<p class=\"wp-block-paragraph\">Az adatkezel\u00e9s c\u00e9lja annak meg\u00e1llap\u00edt\u00e1sa, hogy a weboldalt, illetve annak \u0171rlapjait val\u00f3di felhaszn\u00e1l\u00f3 vagy automatiz\u00e1lt rendszer haszn\u00e1lja-e, ez\u00e1ltal biztos\u00edtva a weboldal biztons\u00e1gos m\u0171k\u00f6d\u00e9s\u00e9t \u00e9s megel\u0151zve a vissza\u00e9l\u00e9seket.<\/p>\n\n\n\n<p class=\"wp-block-paragraph\">A Cloudflare a szolg\u00e1ltat\u00e1s biztos\u00edt\u00e1sa sor\u00e1n a m\u0171k\u00f6d\u00e9shez \u00e9s biztons\u00e1gi ellen\u0151rz\u00e9sekhez sz\u00fcks\u00e9ges <strong>technikai s\u00fctiket (cookie-kat), illetve hasonl\u00f3 technol\u00f3gi\u00e1kat alkalmazhat<\/strong>. Az alkalmazott Cloudflare-konfigur\u00e1ci\u00f3t\u00f3l f\u00fcgg\u0151en ilyen lehet p\u00e9ld\u00e1ul a cf_clearance s\u00fcti, amely egy sikeresen teljes\u00edtett biztons\u00e1gi ellen\u0151rz\u00e9s eredm\u00e9ny\u00e9nek t\u00e1rol\u00e1s\u00e1ra szolg\u00e1lhat. Ezeknek a technol\u00f3gi\u00e1knak a c\u00e9lja a weboldal biztons\u00e1g\u00e1nak fenntart\u00e1sa, az automatiz\u00e1lt \u00e9s rosszindulat\u00fa forgalom felismer\u00e9se, valamint az ism\u00e9telt biztons\u00e1gi ellen\u0151rz\u00e9sek kezel\u00e9se.<\/p>\n\n\n\n<p class=\"wp-block-paragraph\">A Cloudflare Turnstile \u00e1ltal v\u00e9gzett adatkezel\u00e9sr\u0151l tov\u00e1bbi inform\u00e1ci\u00f3 az al\u00e1bbi dokumentumokban tal\u00e1lhat\u00f3:<\/p>\n\n\n\n<p class=\"wp-block-paragraph\"><strong>Cloudflare adatv\u00e9delmi t\u00e1j\u00e9koztat\u00f3:<\/strong><br><a href=\"https:\/\/www.cloudflare.com\/privacypolicy\/\">https:\/\/www.cloudflare.com\/privacypolicy\/<\/a><\/p>\n\n\n\n<p class=\"wp-block-paragraph\"><strong>Cloudflare Turnstile adatv\u00e9delmi t\u00e1j\u00e9koztat\u00f3:<\/strong><br><a href=\"https:\/\/www.cloudflare.com\/turnstile-privacy-policy\/\">https:\/\/www.cloudflare.com\/turnstile-privacy-policy\/<\/a><\/p>\n\n\n\n<h6 class=\"wp-block-heading\"><strong>6. R\u00c9SZ \u2013 HARMADIK F\u00c9L SZOLG\u00c1LTAT\u00c1SOK<\/strong><\/h6>\n\n\n\n<p class=\"wp-block-paragraph\">Szolg\u00e1ltat\u00e1saink elv\u00e9gz\u00e9s\u00e9hez harmadik f\u00e9lt\u0151l sz\u00e1rmaz\u00f3 szolg\u00e1ltat\u00e1sok sz\u00fcks\u00e9gesek. \u00c1ltal\u00e1ban, az \u00e1ltalunk ig\u00e9nybe vett, de harmadik f\u00e9lt\u0151l sz\u00e1rmaz\u00f3 szolg\u00e1ltat\u00e1sok csak akkor fogj\u00e1k gy\u0171jteni, felhaszn\u00e1lni, vagy nyilv\u00e1noss\u00e1gra hozni az adataidat, amennyiben az sz\u00fcks\u00e9ges a r\u00e9sz\u00fckr\u0151l, a r\u00e9sz\u00fcnkre ny\u00fajtott szolg\u00e1ltat\u00e1sok lehet\u0151v\u00e9 t\u00e9tel\u00e9ben.<\/p>\n\n\n\n<p class=\"wp-block-paragraph\">Bizonyos harmadik f\u00e9lt\u0151l sz\u00e1rmaz\u00f3 szolg\u00e1ltat\u00f3k, mint p\u00e9ld\u00e1ul a fizet\u00e9si \u00e1tj\u00e1r\u00f3k \u00e9s m\u00e1s fizet\u00e9si m\u0171veletek feldolgoz\u00f3i azonban, rendelkeznek saj\u00e1t adatv\u00e9delmi szab\u00e1lyzatokkal azon inform\u00e1ci\u00f3k tekintet\u00e9ben, amelyekre a beszerz\u00e9ssel kapcsolatos tranzakci\u00f3khoz sz\u00fcks\u00e9gesek.<\/p>\n\n\n\n<p class=\"wp-block-paragraph\">\u00c9pp ez\u00e9rt aj\u00e1nljuk Neked, hogy elolvasd ezen szolg\u00e1ltat\u00f3k adatv\u00e9delmi ir\u00e1nyelveit is, \u00edgy \u00e9rthet\u0151v\u00e9 v\u00e1lik majd a sz\u00e1modra, hogy ezek a szolg\u00e1ltat\u00f3k hogyan kezelik szem\u00e9lyes adataidat.<\/p>\n\n\n\n<p class=\"wp-block-paragraph\">Ez k\u00fcl\u00f6n\u00f6sen vonatkozik bizonyos szolg\u00e1ltat\u00f3kra, melyek olyan helyeken, vagy olyan l\u00e9tes\u00edtm\u00e9nyekben tal\u00e1lhat\u00f3k, amelyek egy m\u00e1sik joghat\u00f3s\u00e1gban tal\u00e1lhat\u00f3k, mint ahol Te, vagy mi tart\u00f3zkodunk. Teh\u00e1t, ha \u00fagy d\u00f6ntesz, hogy egy harmadik f\u00e9l szolg\u00e1ltat\u00e1sait mag\u00e1ban foglal\u00f3 tranzakci\u00f3t folytatsz, akkor az adataid olyan joghat\u00f3s\u00e1g(ok) joga al\u00e1 tartozhatnak, ahol szolg\u00e1ltat\u00f3 vagy annak l\u00e9tes\u00edtm\u00e9nyei elhelyezkednek.*<\/p>\n\n\n\n<p class=\"wp-block-paragraph\">Miut\u00e1n elhagytad az c\u00e9g\u00fcnk webhely\u00e9t, vagy \u00e1tir\u00e1ny\u00edtottak egy harmadik f\u00e9l webhely\u00e9re, vagy alkalmaz\u00e1s\u00e1ra, az Adatv\u00e9delmi Szab\u00e1lyzat, vagy a weboldalunk \u00c1ltal\u00e1nos Szerz\u0151d\u00e9si Felt\u00e9telei r\u00e1d m\u00e1r nem \u00e9rv\u00e9nyesek.<\/p>\n\n\n\n<p class=\"wp-block-paragraph\">Webes elemz\u00e9si szolg\u00e1ltat\u00e1s (n\u00e9vtelen adatok)<\/p>\n\n\n\n<p class=\"wp-block-paragraph\">Ezen a webhelyen integr\u00e1ltunk egy webes, r\u00e9szleges elemz\u00e9si szolg\u00e1ltat\u00e1st (anonymizer funkci\u00f3val). A webes elemz\u00e9s egyet jelent egyes, vagy halmozott adatok gy\u0171jt\u00e9s\u00e9vel, \u00e9s elemz\u00e9s\u00e9vel. A webes elemz\u0151 szolg\u00e1ltat\u00e1s t\u00f6bbek k\u00f6z\u00f6tt \u00f6sszegy\u0171jti azokat az adatokat, amelyek az el\u0151z\u0151 weboldal b\u00f6ng\u00e9sz\u00e9se k\u00f6zben keletkeztek egy szem\u00e9lyt\u0151l (az \u00fan. referrer-t\u0151l), melyik aloldalakat l\u00e1togatta meg, vagy milyen gyakran \u00e9s milyen id\u0151tartamra n\u00e9zett egy-egy aloldalt. A webes elemz\u00e9st els\u0151sorban a webhely optimaliz\u00e1l\u00e1s\u00e1ra \u00e9s az internetes hirdet\u00e9sek k\u00f6lts\u00e9g-haszon elemz\u00e9s\u00e9nek elv\u00e9gz\u00e9s\u00e9re haszn\u00e1lj\u00e1k.<\/p>\n\n\n\n<p class=\"wp-block-paragraph\"><strong>Fut\u00e1rszolg\u00e1lat<\/strong><br>A sz\u00e1ll\u00edt\u00e1sok teljes\u00edt\u00e9se \u00e9rdek\u00e9ben fut\u00e1rszolg\u00e1latot haszn\u00e1lunk. Ez a fut\u00e1rszolg\u00e1lat v\u00e9gzi a sz\u00e1ll\u00edt\u00e1st c\u00e9g\u00fcnk \u00e9s a fogyaszt\u00f3 c\u00edme k\u00f6z\u00f6tt. A logisztika teljes\u00edt\u00e9se \u00e9rdek\u00e9ben a v\u00e1llalat hozz\u00e1f\u00e9r\u00e9st ig\u00e9nyel a fogyaszt\u00f3 nev\u00e9vel \u00e9s c\u00edm\u00e9vel kapcsolatos inform\u00e1ci\u00f3khoz.<\/p>\n\n\n\n<p class=\"wp-block-paragraph\"><strong>Marketing szolg\u00e1ltat\u00e1s<\/strong><br>A szem\u00e9lyes adatokhoz val\u00f3 hozz\u00e1f\u00e9r\u00e9s\u00fck nagyon korl\u00e1tozott, \u00e9s t\u00f6bbnyire n\u00e9vtelen.<\/p>\n\n\n\n<h6 class=\"wp-block-heading\"><strong>7. R\u00c9SZ \u2013 BIZTONS\u00c1G<\/strong><\/h6>\n\n\n\n<p class=\"wp-block-paragraph\">Szem\u00e9lyes adatai v\u00e9delme \u00e9rdek\u00e9ben \u00e9sszer\u0171 \u00f3vint\u00e9zked\u00e9seket tesz\u00fcnk, \u00e9s k\u00f6vetj\u00fck az ipar\u00e1g legink\u00e1bb bev\u00e1lt gyakorlatait, hogy ez\u00e1ltal megbizonyosodjunk arr\u00f3l, hogy adataidat nem lopj\u00e1k el, vagy haszn\u00e1lj\u00e1k fel m\u00e1sok, el\u00e9rhetetlenek \u00e9s v\u00e1ltozatlanok maradnak, illetve, hogy senki sem semmis\u00edti meg azokat.<\/p>\n\n\n\n<p class=\"wp-block-paragraph\">Amikor megadod nek\u00fcnk adataidat, az inform\u00e1ci\u00f3t mi egy titkos\u00edtott, teljesen biztons\u00e1gos socket r\u00e9teg technol\u00f3gi\u00e1val (SSL) haszn\u00e1ljuk fel, \u00e9s AES-256 titkos\u00edt\u00e1ssal t\u00e1roljuk a tov\u00e1bbiakban. B\u00e1r az interneten vagy elektronikus t\u00e1rol\u00e1son kereszt\u00fcl t\u00f6rt\u00e9n\u0151 adat\u00e1tvitel egyik m\u00f3dja sem 100% -ban biztons\u00e1gos, mi k\u00f6vetj\u00fck az \u00f6sszes PCI-DSS protokollt, \u00e9s tov\u00e1bbi, \u00e1ltal\u00e1nosan elfogadott ipari szabv\u00e1nyokat is alkalmazunk.<\/p>\n\n\n\n<p class=\"wp-block-paragraph\">A digit\u00e1lis biztons\u00e1gi int\u00e9zked\u00e9sek v\u00e1ltozhatnak, mivel magas k\u00f6vetelm\u00e9nyeknek kell megfelelni\u00fck, az online v\u00e1s\u00e1rl\u00f3k biztons\u00e1g\u00e1nak garant\u00e1l\u00e1sa \u00e9rdek\u00e9ben. Ez\u00e9rt, mi biztons\u00e1gi fel\u00fcgyeletet is kinevezt\u00fcnk. A biztons\u00e1gi int\u00e9zked\u00e9sek id\u0151szakos ellen\u0151rz\u00e9se \u00e9s jav\u00edt\u00e1sa (ha sz\u00fcks\u00e9ges) r\u00e9sze a m\u0171k\u00f6d\u00e9s\u00e9nek.<\/p>\n\n\n\n<h6 class=\"wp-block-heading\"><strong>8. R\u00c9SZ \u2013 EZEN SZERZ\u0150D\u00c9SI POLITIKA V\u00c1LTOZ\u00c1SAI<\/strong><\/h6>\n\n\n\n<p class=\"wp-block-paragraph\">Fenntartjuk magunknak a jogot, hogy b\u00e1rmikor m\u00f3dos\u00edtsuk ezt az Adatv\u00e9delmi ir\u00e1nyelvet, ez\u00e9rt k\u00e9rj\u00fck, hogy azt gyakran ellen\u0151rizd. A m\u00f3dos\u00edt\u00e1sok \u00e9s pontos\u00edt\u00e1sok azonnal hat\u00e1lyba l\u00e9pnek, ahogy azokat a honlapon k\u00f6zz\u00e9tett\u00e9k. Ha l\u00e9nyeges v\u00e1ltoztat\u00e1sokat hajtunk v\u00e9gre az ir\u00e1nyelveken, akkor mindenk\u00e9pp \u00e9rtes\u00edt\u00fcnk majd T\u00e9ged arr\u00f3l, hogy friss\u00fclt, hogy mindig tiszt\u00e1ban lehess azzal, hogy milyen inform\u00e1ci\u00f3kat gy\u0171jt\u00fcnk, hogyan haszn\u00e1ljuk fel, \u00e9s milyen k\u00f6r\u00fclm\u00e9nyek k\u00f6z\u00f6tt haszn\u00e1ljuk \u00e9s \/ vagy tessz\u00fck k\u00f6zz\u00e9 azokat.<\/p>\n\n\n\n<h6 class=\"wp-block-heading\"><strong>9. R\u00c9SZ \u2013 KAPCSOLAT INFORM\u00c1CI\u00d3K<\/strong><\/h6>\n\n\n\n<p class=\"wp-block-paragraph\">L\u00e9pj vel\u00fcnk kapcsolatba:<\/p>\n\n\n\n<p class=\"wp-block-paragraph\">\u2022 Elektronikusan, egy e-mail k\u00fcld\u00e9s\u00e9vel:\u00a0<a href=\"mailto:iroda[kukac]kovacshlegal.hu\">iroda[kukac]kovacshlegal.hu<\/a><\/p>\n<\/div>\n<\/div>\n","protected":false},"excerpt":{"rendered":"<p>Adatv\u00e9delmi t\u00e1j\u00e9koztat\u00f3 Hogy egy biztons\u00e1gos, online k\u00f6rnyezetet tudjunk biztos\u00edtani Neked, valamint garant\u00e1lni tudjuk az adataid v\u00e9delm\u00e9t, mi szigor\u00faan betartjuk a jogi k\u00f6vetelm\u00e9nyeket. Ebben, az adatv\u00e9delmi nyilatkozatban, most betekint\u00e9st ny\u00fajtunk Neked az adatgy\u0171jt\u00e9s m\u00f3dj\u00e1ra \u00e9s c\u00e9ljaira, valamint a biztons\u00e1gi int\u00e9zked\u00e9sekre, a meg\u0151rz\u00e9si id\u0151szakokra \u00e9s a kapcsolattart\u00e1si adatokra. Weboldal tulajdonosa: DR. KOV\u00c1CS H. GYULA \u00dcGYV\u00c9DI IRODA (ad\u00f3sz\u00e1m: &#8230; <a title=\"Privacy Notice\" class=\"read-more\" href=\"https:\/\/fiscus.hu\/en\/adatvedelmi-tajekoztato\/\" aria-label=\"Read more about Adatv\u00e9delmi t\u00e1j\u00e9koztat\u00f3\">Read more<\/a><\/p>","protected":false},"author":1,"featured_media":0,"parent":0,"menu_order":0,"comment_status":"closed","ping_status":"closed","template":"","meta":{"footnotes":""},"class_list":["post-51819","page","type-page","status-publish"],"yoast_head":"<!-- This site is optimized with the Yoast SEO plugin v28.4 - https:\/\/yoast.com\/product\/yoast-seo-wordpress\/ -->\n<title>Adatv\u00e9delmi t\u00e1j\u00e9koztat\u00f3 - fiscus.hu<\/title>\n<meta name=\"robots\" content=\"index, follow, max-snippet:-1, max-image-preview:large, max-video-preview:-1\" \/>\n<link rel=\"canonical\" href=\"https:\/\/fiscus.hu\/en\/data-protection-notice\/\" \/>\n<meta property=\"og:locale\" content=\"en_GB\" \/>\n<meta property=\"og:type\" content=\"article\" \/>\n<meta property=\"og:title\" content=\"Adatv\u00e9delmi t\u00e1j\u00e9koztat\u00f3 - fiscus.hu\" \/>\n<meta property=\"og:description\" content=\"Adatv\u00e9delmi t\u00e1j\u00e9koztat\u00f3 Hogy egy biztons\u00e1gos, online k\u00f6rnyezetet tudjunk biztos\u00edtani Neked, valamint garant\u00e1lni tudjuk az adataid v\u00e9delm\u00e9t, mi szigor\u00faan betartjuk a jogi k\u00f6vetelm\u00e9nyeket. Ebben, az adatv\u00e9delmi nyilatkozatban, most betekint\u00e9st ny\u00fajtunk Neked az adatgy\u0171jt\u00e9s m\u00f3dj\u00e1ra \u00e9s c\u00e9ljaira, valamint a biztons\u00e1gi int\u00e9zked\u00e9sekre, a meg\u0151rz\u00e9si id\u0151szakokra \u00e9s a kapcsolattart\u00e1si adatokra. Weboldal tulajdonosa: DR. KOV\u00c1CS H. GYULA \u00dcGYV\u00c9DI IRODA (ad\u00f3sz\u00e1m: ... Read more\" \/>\n<meta property=\"og:url\" content=\"https:\/\/fiscus.hu\/en\/data-protection-notice\/\" \/>\n<meta property=\"og:site_name\" content=\"fiscus.hu\" \/>\n<meta property=\"article:modified_time\" content=\"2026-08-24T14:04:06+00:00\" \/>\n<meta name=\"twitter:card\" content=\"summary_large_image\" \/>\n<meta name=\"twitter:label1\" content=\"Estimated reading time\" \/>\n\t<meta name=\"twitter:data1\" content=\"9 minutes\" \/>\n<script type=\"application\/ld+json\" class=\"yoast-schema-graph\">{\"@context\":\"https:\\\/\\\/schema.org\",\"@graph\":[{\"@type\":\"WebPage\",\"@id\":\"https:\\\/\\\/fiscus.hu\\\/adatvedelmi-tajekoztato\\\/\",\"url\":\"https:\\\/\\\/fiscus.hu\\\/adatvedelmi-tajekoztato\\\/\",\"name\":\"Adatv\u00e9delmi t\u00e1j\u00e9koztat\u00f3 - fiscus.hu\",\"isPartOf\":{\"@id\":\"https:\\\/\\\/fiscus.hu\\\/#website\"},\"datePublished\":\"2026-08-24T09:04:55+00:00\",\"dateModified\":\"2026-08-24T14:04:06+00:00\",\"breadcrumb\":{\"@id\":\"https:\\\/\\\/fiscus.hu\\\/adatvedelmi-tajekoztato\\\/#breadcrumb\"},\"inLanguage\":\"en-GB\",\"potentialAction\":[{\"@type\":\"ReadAction\",\"target\":[\"https:\\\/\\\/fiscus.hu\\\/adatvedelmi-tajekoztato\\\/\"]}]},{\"@type\":\"BreadcrumbList\",\"@id\":\"https:\\\/\\\/fiscus.hu\\\/adatvedelmi-tajekoztato\\\/#breadcrumb\",\"itemListElement\":[{\"@type\":\"ListItem\",\"position\":1,\"name\":\"Kezd\u0151lap\",\"item\":\"https:\\\/\\\/fiscus.hu\\\/\"},{\"@type\":\"ListItem\",\"position\":2,\"name\":\"Adatv\u00e9delmi t\u00e1j\u00e9koztat\u00f3\"}]},{\"@type\":\"WebSite\",\"@id\":\"https:\\\/\\\/fiscus.hu\\\/#website\",\"url\":\"https:\\\/\\\/fiscus.hu\\\/\",\"name\":\"fiscus.hu\",\"description\":\"P\u00e9nz\u00fcgyi, sz\u00e1mviteli \u00e9s ad\u00f3tan\u00e1csad\u00e1si szolg\u00e1ltat\u00e1sok hazai \u00e9s nemzetk\u00f6zi v\u00e1llalkoz\u00e1sok sz\u00e1m\u00e1ra.\",\"publisher\":{\"@id\":\"https:\\\/\\\/fiscus.hu\\\/#organization\"},\"potentialAction\":[{\"@type\":\"SearchAction\",\"target\":{\"@type\":\"EntryPoint\",\"urlTemplate\":\"https:\\\/\\\/fiscus.hu\\\/?s={search_term_string}\"},\"query-input\":{\"@type\":\"PropertyValueSpecification\",\"valueRequired\":true,\"valueName\":\"search_term_string\"}}],\"inLanguage\":\"en-GB\"},{\"@type\":\"Organization\",\"@id\":\"https:\\\/\\\/fiscus.hu\\\/#organization\",\"name\":\"fiscus.hu\",\"url\":\"https:\\\/\\\/fiscus.hu\\\/\",\"logo\":{\"@type\":\"ImageObject\",\"inLanguage\":\"en-GB\",\"@id\":\"https:\\\/\\\/fiscus.hu\\\/#\\\/schema\\\/logo\\\/image\\\/\",\"url\":\"https:\\\/\\\/fiscus.hu\\\/wp-content\\\/uploads\\\/2026\\\/08\\\/3ed59a1a-c8e9-4b44-b224-3fd50f7d4b78.png\",\"contentUrl\":\"https:\\\/\\\/fiscus.hu\\\/wp-content\\\/uploads\\\/2026\\\/08\\\/3ed59a1a-c8e9-4b44-b224-3fd50f7d4b78.png\",\"width\":176,\"height\":41,\"caption\":\"fiscus.hu\"},\"image\":{\"@id\":\"https:\\\/\\\/fiscus.hu\\\/#\\\/schema\\\/logo\\\/image\\\/\"}}]}<\/script>\n<!-- \/ Yoast SEO plugin. -->","yoast_head_json":{"title":"Privacy Notice - fiscus.hu","robots":{"index":"index","follow":"follow","max-snippet":"max-snippet:-1","max-image-preview":"max-image-preview:large","max-video-preview":"max-video-preview:-1"},"canonical":"https:\/\/fiscus.hu\/en\/data-protection-notice\/","og_locale":"en_GB","og_type":"article","og_title":"Adatv\u00e9delmi t\u00e1j\u00e9koztat\u00f3 - fiscus.hu","og_description":"Adatv\u00e9delmi t\u00e1j\u00e9koztat\u00f3 Hogy egy biztons\u00e1gos, online k\u00f6rnyezetet tudjunk biztos\u00edtani Neked, valamint garant\u00e1lni tudjuk az adataid v\u00e9delm\u00e9t, mi szigor\u00faan betartjuk a jogi k\u00f6vetelm\u00e9nyeket. Ebben, az adatv\u00e9delmi nyilatkozatban, most betekint\u00e9st ny\u00fajtunk Neked az adatgy\u0171jt\u00e9s m\u00f3dj\u00e1ra \u00e9s c\u00e9ljaira, valamint a biztons\u00e1gi int\u00e9zked\u00e9sekre, a meg\u0151rz\u00e9si id\u0151szakokra \u00e9s a kapcsolattart\u00e1si adatokra. Weboldal tulajdonosa: DR. KOV\u00c1CS H. GYULA \u00dcGYV\u00c9DI IRODA (ad\u00f3sz\u00e1m: ... Read more","og_url":"https:\/\/fiscus.hu\/en\/data-protection-notice\/","og_site_name":"fiscus.hu","article_modified_time":"2026-08-24T14:04:06+00:00","twitter_card":"summary_large_image","twitter_misc":{"Estimated reading time":"9 minutes"},"schema":{"@context":"https:\/\/schema.org","@graph":[{"@type":"WebPage","@id":"https:\/\/fiscus.hu\/adatvedelmi-tajekoztato\/","url":"https:\/\/fiscus.hu\/adatvedelmi-tajekoztato\/","name":"Privacy Notice - fiscus.hu","isPartOf":{"@id":"https:\/\/fiscus.hu\/#website"},"datePublished":"2026-08-24T09:04:55+00:00","dateModified":"2026-08-24T14:04:06+00:00","breadcrumb":{"@id":"https:\/\/fiscus.hu\/adatvedelmi-tajekoztato\/#breadcrumb"},"inLanguage":"en-GB","potentialAction":[{"@type":"ReadAction","target":["https:\/\/fiscus.hu\/adatvedelmi-tajekoztato\/"]}]},{"@type":"BreadcrumbList","@id":"https:\/\/fiscus.hu\/adatvedelmi-tajekoztato\/#breadcrumb","itemListElement":[{"@type":"ListItem","position":1,"name":"Kezd\u0151lap","item":"https:\/\/fiscus.hu\/"},{"@type":"ListItem","position":2,"name":"Adatv\u00e9delmi t\u00e1j\u00e9koztat\u00f3"}]},{"@type":"WebSite","@id":"https:\/\/fiscus.hu\/#website","url":"https:\/\/fiscus.hu\/","name":"fiscus.hu","description":"Financial, accounting and tax advisory services for domestic and international businesses.","publisher":{"@id":"https:\/\/fiscus.hu\/#organization"},"potentialAction":[{"@type":"SearchAction","target":{"@type":"EntryPoint","urlTemplate":"https:\/\/fiscus.hu\/?s={search_term_string}"},"query-input":{"@type":"PropertyValueSpecification","valueRequired":true,"valueName":"search_term_string"}}],"inLanguage":"en-GB"},{"@type":"Organization","@id":"https:\/\/fiscus.hu\/#organization","name":"fiscus.hu","url":"https:\/\/fiscus.hu\/","logo":{"@type":"ImageObject","inLanguage":"en-GB","@id":"https:\/\/fiscus.hu\/#\/schema\/logo\/image\/","url":"https:\/\/fiscus.hu\/wp-content\/uploads\/2026\/08\/3ed59a1a-c8e9-4b44-b224-3fd50f7d4b78.png","contentUrl":"https:\/\/fiscus.hu\/wp-content\/uploads\/2026\/08\/3ed59a1a-c8e9-4b44-b224-3fd50f7d4b78.png","width":176,"height":41,"caption":"fiscus.hu"},"image":{"@id":"https:\/\/fiscus.hu\/#\/schema\/logo\/image\/"}}]}},"_links":{"self":[{"href":"https:\/\/fiscus.hu\/en\/wp-json\/wp\/v2\/pages\/51819","targetHints":{"allow":["GET"]}}],"collection":[{"href":"https:\/\/fiscus.hu\/en\/wp-json\/wp\/v2\/pages"}],"about":[{"href":"https:\/\/fiscus.hu\/en\/wp-json\/wp\/v2\/types\/page"}],"author":[{"embeddable":true,"href":"https:\/\/fiscus.hu\/en\/wp-json\/wp\/v2\/users\/1"}],"replies":[{"embeddable":true,"href":"https:\/\/fiscus.hu\/en\/wp-json\/wp\/v2\/comments?post=51819"}],"version-history":[{"count":4,"href":"https:\/\/fiscus.hu\/en\/wp-json\/wp\/v2\/pages\/51819\/revisions"}],"predecessor-version":[{"id":51843,"href":"https:\/\/fiscus.hu\/en\/wp-json\/wp\/v2\/pages\/51819\/revisions\/51843"}],"wp:attachment":[{"href":"https:\/\/fiscus.hu\/en\/wp-json\/wp\/v2\/media?parent=51819"}],"curies":[{"name":"wp","href":"https:\/\/api.w.org\/{rel}","templated":true}]}}